{"id":5323,"date":"2025-06-10T08:53:30","date_gmt":"2025-06-10T08:53:30","guid":{"rendered":"https:\/\/snaefellsjokull.is\/?page_id=5323"},"modified":"2025-06-10T08:53:30","modified_gmt":"2025-06-10T08:53:30","slug":"ranger-program-2025-2","status":"publish","type":"page","link":"https:\/\/snaefellsjokull.is\/en\/ranger-program-2025-2\/","title":{"rendered":"Ranger Program 2025"},"content":{"rendered":"\n<p>From June 6 to September 12, park rangers will offer daily guided walks in Sn\u00e6fellsj\u00f6kull National Park. The walks are generally easy and suitable for all ages.<\/p>\n\n\n\n<p>Children\u2019s programs will be held at the National Park Visitor Centre in Hellissandur on Thursdays in July and August. During these program, rangers will lead fun educational activities and games.<\/p>\n\n\n\n<p>In addition, weekly themed walks will take place every Wednesday in July and August, focusing on special topics or specific areas within the national park.<\/p>\n\n\n\n<p>Everyone is warmly invited to participate in our summer events.<\/p>\n\n\n\n<div class=\"wp-block-columns is-layout-flex wp-container-core-columns-is-layout-9d6595d7 wp-block-columns-is-layout-flex\">\n<div class=\"wp-block-column is-layout-flow wp-block-column-is-layout-flow\">\n<h2 class=\"wp-block-heading\">Daily Guided Walks<\/h2>\n\n\n\n<p><strong>Daily Guided Walks with a Park Ranger<\/strong><\/p>\n\n\n\n<p><strong>Malarrif<\/strong><\/p>\n\n\n\n<p>Every Tuesday, Wednesday, Friday, Saturday, and Sunday<br>Time: 1:00 PM<br>Duration: 1\u20131.5 hours<\/p>\n\n\n\n<p>Join a park ranger for a guided walk from the Visitor Centre at Malarrif to Sval\u00fe\u00fafa.<\/p>\n\n\n\n<p><strong>B\u00fa\u00f0ir<\/strong><\/p>\n\n\n\n<p>Every Monday, a park ranger meets visitors at the parking lot by B\u00fa\u00f0akirkja (B\u00fa\u00f0ir Church).<br>Time: 1:00 PM<br>Duration: 1\u20131.5 hours<br>The walk goes with the ranger from B\u00fa\u00f0akirkja to Framb\u00fa\u00f0ir.<\/p>\n<\/div>\n\n\n\n<div class=\"wp-block-column is-layout-flow wp-block-column-is-layout-flow\">\n<figure class=\"wp-block-image size-large\"><img loading=\"lazy\" decoding=\"async\" width=\"768\" height=\"1024\" src=\"https:\/\/snaefellsjokull.is\/wp-content\/uploads\/2025\/06\/Serganga_londrangar-2-768x1024.jpg\" alt=\"\" class=\"wp-image-5305\" srcset=\"https:\/\/snaefellsjokull.is\/wp-content\/uploads\/2025\/06\/Serganga_londrangar-2-768x1024.jpg 768w, https:\/\/snaefellsjokull.is\/wp-content\/uploads\/2025\/06\/Serganga_londrangar-2-225x300.jpg 225w, https:\/\/snaefellsjokull.is\/wp-content\/uploads\/2025\/06\/Serganga_londrangar-2-1152x1536.jpg 1152w, https:\/\/snaefellsjokull.is\/wp-content\/uploads\/2025\/06\/Serganga_londrangar-2-1536x2048.jpg 1536w, https:\/\/snaefellsjokull.is\/wp-content\/uploads\/2025\/06\/Serganga_londrangar-2-scaled.jpg 1920w\" sizes=\"auto, (max-width: 768px) 100vw, 768px\" \/><\/figure>\n<\/div>\n<\/div>\n\n\n\n<div class=\"wp-block-columns is-layout-flex wp-container-core-columns-is-layout-9d6595d7 wp-block-columns-is-layout-flex\">\n<div class=\"wp-block-column is-layout-flow wp-block-column-is-layout-flow\">\n<figure class=\"wp-block-image size-large\"><img loading=\"lazy\" decoding=\"async\" width=\"768\" height=\"1024\" src=\"https:\/\/snaefellsjokull.is\/wp-content\/uploads\/2025\/06\/IMG_6821-768x1024.jpg\" alt=\"\" class=\"wp-image-5250\" srcset=\"https:\/\/snaefellsjokull.is\/wp-content\/uploads\/2025\/06\/IMG_6821-768x1024.jpg 768w, https:\/\/snaefellsjokull.is\/wp-content\/uploads\/2025\/06\/IMG_6821-225x300.jpg 225w, https:\/\/snaefellsjokull.is\/wp-content\/uploads\/2025\/06\/IMG_6821-1152x1536.jpg 1152w, https:\/\/snaefellsjokull.is\/wp-content\/uploads\/2025\/06\/IMG_6821-1536x2048.jpg 1536w, https:\/\/snaefellsjokull.is\/wp-content\/uploads\/2025\/06\/IMG_6821-scaled.jpg 1920w\" sizes=\"auto, (max-width: 768px) 100vw, 768px\" \/><\/figure>\n<\/div>\n\n\n\n<div class=\"wp-block-column is-layout-flow wp-block-column-is-layout-flow\">\n<h2 class=\"wp-block-heading\">Children\u2019s programs<\/h2>\n\n\n\n<p>Every Thursday at the National Park Visitor Centre in Hellissandur, in July and August<br><strong>Time:<\/strong>&nbsp;11:00 AM<br><strong>Duration:<\/strong>&nbsp;40 minutes<\/p>\n\n\n\n<p>A fun educational session and games for all kids!<\/p>\n<\/div>\n<\/div>\n\n\n\n<h2 class=\"wp-block-heading\"><\/h2>\n\n\n\n<div class=\"wp-block-columns is-layout-flex wp-container-core-columns-is-layout-9d6595d7 wp-block-columns-is-layout-flex\">\n<div class=\"wp-block-column is-layout-flow wp-block-column-is-layout-flow\">\n<h2 class=\"wp-block-heading\">Weekly Events<\/h2>\n\n\n\n<p><strong>June 6th&nbsp;\u2013 The Ocean and Us \u2013 Family friendly Guided walk at Krossav\u00edk<\/strong><\/p>\n\n\n\n<p>Aat 10:30 AM<\/p>\n\n\n\n<p>Duration:&nbsp;1 hour<\/p>\n\n\n\n<p>Starting point: National park centre at Hellissandi<\/p>\n\n\n\n<p>A fun walk with a ranger to the beach in Hellissandur, suitable for the whole family.<\/p>\n\n\n\n<p><strong>June 20th&nbsp;\u2013 Nordic wildflower day \u2013 Flower walk<\/strong><\/p>\n\n\n\n<p>At 10:30 AM<\/p>\n\n\n\n<p>Duration: 1 \u00bd hours<\/p>\n\n\n\n<p>Starting point: Rau\u00f0h\u00f3ll parking lot<\/p>\n\n\n\n<p>In celebration of the Nordic Wildflower Day, Sn\u00e6fellsj\u00f6kull National Park invites you to join a ranger walk around Rau\u00f0h\u00f3ll. You will explore a variety of plants and wildflowers in their natural habitat. The walk is easy and suitable for most people. It\u2019s recommended to bring water and wear comfortable walking shoes.<\/p>\n\n\n\n<p><strong>June 25th&nbsp;\u2013 Birdwatching at Sval\u00fe\u00fafa<\/strong><\/p>\n\n\n\n<p>Time: from 10:30 AM \u2013 12:00 PM<\/p>\n\n\n\n<p>Starting point: Sightseeing platform at Sval\u00fe\u00fafa<\/p>\n\n\n\n<p>Meet a ranger at Sval\u00fe\u00fafa and take the opportunity to learn about the behavior and habits of the local birdlife, as well as how to identify different bird species.<\/p>\n\n\n\n<p><strong>July 2nd&nbsp;-History by the Shore \u2013 Walk through Dj\u00fapal\u00f3n and Dritv\u00edk<\/strong><\/p>\n\n\n\n<p>At 10:30 AM<\/p>\n\n\n\n<p>Duration: 1 hour<\/p>\n\n\n\n<p>Starting point: The lower parking lot by Dj\u00fapal\u00f3n<\/p>\n\n\n\n<p>A walk through the historic sites of Dj\u00fapal\u00f3nssandur and Dritv\u00edk. The walk begins down Nautast\u00edgur, past the famous lifting stones, and across the sand to Sessum. From there, we follow a marked path to the historically rich Dritv\u00edk, once home to hundreds of people during the fishing seasons. We will return the same way, enjoying stunning views, history, and nature along the way.<\/p>\n\n\n\n<p><strong>July 9th&nbsp;\u2013 Lava and Ocean \u2013 A Guided Nature Walk from Arnarstapi&nbsp;to Hellnar<\/strong><\/p>\n\n\n\n<p>At 10:30 AM<\/p>\n\n\n\n<p>Duration: 1 \u00bd hours<\/p>\n\n\n\n<p>Starting point: The parking lot by the harbor at Arnarstapi.<\/p>\n\n\n\n<p>Experience unique landscapes on a hike along Ne\u00f0stagata, which runs through Hellnahraun along the coastline between Arnarstapi and Hellnar. Along the way, you\u2019ll witness the powerful forces of nature shaping the lava field \u2013 eroded rocks, gorges, and breathtaking views. At Arnarstapi, there\u2019s also a rare opportunity to observe puffins nesting in the cliffs. The area is a nature reserve due to the distinctive rock formations by the sea.<\/p>\n\n\n\n<p><strong>July 16th&nbsp;\u2013 Life and Remains \u2013 Exploring Gufusk\u00e1lar\u2019s Heritage<\/strong><\/p>\n\n\n\n<p>At 10:30 AM<\/p>\n\n\n\n<p>Duration: 2 hours<\/p>\n\n\n\n<p>Upphafssta\u00f0ur: \u00cdskrabrunnur parking lot<\/p>\n\n\n\n<p>Join us for an enjoyable and historical hike through \u00cdrskrabrunn, Gufusk\u00e1lav\u00f6r, and the old fish storage sites along the lava\u2019s edge.<\/p>\n\n\n\n<p><strong>July 23rd&nbsp;\u2013 Valleys and Views \u2013 Guided Hike up Hreggnasi<\/strong><\/p>\n\n\n\n<p>At 10:30 AM<\/p>\n\n\n\n<p>Duration: 2 hours<\/p>\n\n\n\n<p>Starting point: The intersection of \u00datnesvegur and Eysteinsdalsvegur<\/p>\n\n\n\n<p>We begin at the footbridge over M\u00f3\u00f0ul\u00e6k at the mouth of Eysteinsdalur and hike up to Hreggnasi, which rises 469 meters above sea level. The trail is mostly gentle and easy, but it becomes steeper as you approach the summit. The view from the top is breathtaking in all directions, with steep cliffs visible at the summit\u2014so caution is advised.<\/p>\n\n\n\n<p><strong>August 7th&nbsp;\u2013 Traces of Life \u2013 Nature and Settlement Walk at Eyrar<\/strong><\/p>\n\n\n\n<p>At 10:30 AM<\/p>\n\n\n\n<p>Duration: 1 \u00bd \u2013 2 hours<\/p>\n\n\n\n<p>Upphafssta\u00f0ur: Eyrar parking lot<\/p>\n\n\n\n<p>Hike through Eyrar and Lambhagatjarnir with a Park Ranger. You\u2019ll explore diverse wildlife and remnants of human settlements.<\/p>\n\n\n\n<p><strong>August 13st&nbsp;\u2013 Geology Underfoot \u2013 Guided Hike at \u00d6ndver\u00f0arnes<\/strong><\/p>\n\n\n\n<p>At 10:30 AM<\/p>\n\n\n\n<p>Duration: 3 hours<\/p>\n\n\n\n<p>Upphafssta\u00f0ur: Vatnsborgir parking lot<\/p>\n\n\n\n<p>Join us for a guided hike through Neshraun and learn about the geology of the area. The hike is relatively long, so it\u2019s a good idea to bring snacks and water.<\/p>\n<\/div>\n\n\n\n<div class=\"wp-block-column is-layout-flow wp-block-column-is-layout-flow\">\n<figure class=\"wp-block-image size-large\"><img loading=\"lazy\" decoding=\"async\" width=\"1024\" height=\"768\" src=\"https:\/\/snaefellsjokull.is\/wp-content\/uploads\/2025\/06\/Serganga_landvordur-1024x768.jpg\" alt=\"\" class=\"wp-image-5252\" srcset=\"https:\/\/snaefellsjokull.is\/wp-content\/uploads\/2025\/06\/Serganga_landvordur-1024x768.jpg 1024w, https:\/\/snaefellsjokull.is\/wp-content\/uploads\/2025\/06\/Serganga_landvordur-300x225.jpg 300w, https:\/\/snaefellsjokull.is\/wp-content\/uploads\/2025\/06\/Serganga_landvordur-768x576.jpg 768w, https:\/\/snaefellsjokull.is\/wp-content\/uploads\/2025\/06\/Serganga_landvordur-1536x1152.jpg 1536w, https:\/\/snaefellsjokull.is\/wp-content\/uploads\/2025\/06\/Serganga_landvordur-2048x1536.jpg 2048w\" sizes=\"auto, (max-width: 1024px) 100vw, 1024px\" \/><\/figure>\n<\/div>\n<\/div>\n","protected":false},"excerpt":{"rendered":"<p>From June 6 to September 12, park rangers will offer daily guided walks in Sn\u00e6fellsj\u00f6kull National Park. The walks are generally easy and suitable for all ages. Children\u2019s programs will be held at the National Park Visitor Centre in Hellissandur on Thursdays in July and August. During these program, rangers will lead fun educational activities [&hellip;]<\/p>\n","protected":false},"author":7,"featured_media":5258,"parent":0,"menu_order":0,"comment_status":"closed","ping_status":"closed","template":"","meta":{"_acf_changed":false,"footnotes":""},"class_list":["post-5323","page","type-page","status-publish","has-post-thumbnail","hentry"],"acf":[],"yoast_head":"<!-- This site is optimized with the Yoast SEO plugin v27.5 - https:\/\/yoast.com\/product\/yoast-seo-wordpress\/ -->\n<title>Ranger Program 2025 - Sn\u00e6fellsj\u00f6kuls\u00fej\u00f3\u00f0gar\u00f0ur<\/title>\n<meta name=\"robots\" content=\"index, follow, max-snippet:-1, max-image-preview:large, max-video-preview:-1\" \/>\n<link rel=\"canonical\" href=\"https:\/\/snaefellsjokull.is\/en\/ranger-program-2025-2\/\" \/>\n<meta property=\"og:locale\" content=\"en_US\" \/>\n<meta property=\"og:type\" content=\"article\" \/>\n<meta property=\"og:title\" content=\"Ranger Program 2025 - Sn\u00e6fellsj\u00f6kuls\u00fej\u00f3\u00f0gar\u00f0ur\" \/>\n<meta property=\"og:description\" content=\"From June 6 to September 12, park rangers will offer daily guided walks in Sn\u00e6fellsj\u00f6kull National Park. The walks are generally easy and suitable for all ages. Children\u2019s programs will be held at the National Park Visitor Centre in Hellissandur on Thursdays in July and August. During these program, rangers will lead fun educational activities [&hellip;]\" \/>\n<meta property=\"og:url\" content=\"https:\/\/snaefellsjokull.is\/en\/ranger-program-2025-2\/\" \/>\n<meta property=\"og:site_name\" content=\"Sn\u00e6fellsj\u00f6kuls\u00fej\u00f3\u00f0gar\u00f0ur\" \/>\n<meta property=\"og:image\" content=\"https:\/\/snaefellsjokull.is\/wp-content\/uploads\/2025\/06\/fraedsludagsrka.jpg\" \/>\n\t<meta property=\"og:image:width\" content=\"2048\" \/>\n\t<meta property=\"og:image:height\" content=\"1536\" \/>\n\t<meta property=\"og:image:type\" content=\"image\/jpeg\" \/>\n<meta name=\"twitter:card\" content=\"summary_large_image\" \/>\n<meta name=\"twitter:label1\" content=\"Est. reading time\" \/>\n\t<meta name=\"twitter:data1\" content=\"4 minutes\" \/>\n<script type=\"application\/ld+json\" class=\"yoast-schema-graph\">{\"@context\":\"https:\\\/\\\/schema.org\",\"@graph\":[{\"@type\":\"WebPage\",\"@id\":\"https:\\\/\\\/snaefellsjokull.is\\\/en\\\/ranger-program-2025-2\\\/\",\"url\":\"https:\\\/\\\/snaefellsjokull.is\\\/en\\\/ranger-program-2025-2\\\/\",\"name\":\"Ranger Program 2025 - Sn\u00e6fellsj\u00f6kuls\u00fej\u00f3\u00f0gar\u00f0ur\",\"isPartOf\":{\"@id\":\"https:\\\/\\\/snaefellsjokull.is\\\/#website\"},\"primaryImageOfPage\":{\"@id\":\"https:\\\/\\\/snaefellsjokull.is\\\/en\\\/ranger-program-2025-2\\\/#primaryimage\"},\"image\":{\"@id\":\"https:\\\/\\\/snaefellsjokull.is\\\/en\\\/ranger-program-2025-2\\\/#primaryimage\"},\"thumbnailUrl\":\"https:\\\/\\\/snaefellsjokull.is\\\/wp-content\\\/uploads\\\/2025\\\/06\\\/fraedsludagsrka.jpg\",\"datePublished\":\"2025-06-10T08:53:30+00:00\",\"breadcrumb\":{\"@id\":\"https:\\\/\\\/snaefellsjokull.is\\\/en\\\/ranger-program-2025-2\\\/#breadcrumb\"},\"inLanguage\":\"en-US\",\"potentialAction\":[{\"@type\":\"ReadAction\",\"target\":[\"https:\\\/\\\/snaefellsjokull.is\\\/en\\\/ranger-program-2025-2\\\/\"]}]},{\"@type\":\"ImageObject\",\"inLanguage\":\"en-US\",\"@id\":\"https:\\\/\\\/snaefellsjokull.is\\\/en\\\/ranger-program-2025-2\\\/#primaryimage\",\"url\":\"https:\\\/\\\/snaefellsjokull.is\\\/wp-content\\\/uploads\\\/2025\\\/06\\\/fraedsludagsrka.jpg\",\"contentUrl\":\"https:\\\/\\\/snaefellsjokull.is\\\/wp-content\\\/uploads\\\/2025\\\/06\\\/fraedsludagsrka.jpg\",\"width\":2048,\"height\":1536},{\"@type\":\"BreadcrumbList\",\"@id\":\"https:\\\/\\\/snaefellsjokull.is\\\/en\\\/ranger-program-2025-2\\\/#breadcrumb\",\"itemListElement\":[{\"@type\":\"ListItem\",\"position\":1,\"name\":\"Home\",\"item\":\"https:\\\/\\\/snaefellsjokull.is\\\/en\\\/\"},{\"@type\":\"ListItem\",\"position\":2,\"name\":\"Ranger Program 2025\"}]},{\"@type\":\"WebSite\",\"@id\":\"https:\\\/\\\/snaefellsjokull.is\\\/#website\",\"url\":\"https:\\\/\\\/snaefellsjokull.is\\\/\",\"name\":\"Sn\u00e6fellsj\u00f6kuls\u00fej\u00f3\u00f0gar\u00f0ur\",\"description\":\"Upplif\u00f0u einstaka n\u00e1tt\u00faru, g\u00f6ngulei\u00f0ir og \u00e1ningasta\u00f0ir.\",\"potentialAction\":[{\"@type\":\"SearchAction\",\"target\":{\"@type\":\"EntryPoint\",\"urlTemplate\":\"https:\\\/\\\/snaefellsjokull.is\\\/?s={search_term_string}\"},\"query-input\":{\"@type\":\"PropertyValueSpecification\",\"valueRequired\":true,\"valueName\":\"search_term_string\"}}],\"inLanguage\":\"en-US\"}]}<\/script>\n<!-- \/ Yoast SEO plugin. -->","yoast_head_json":{"title":"Ranger Program 2025 - Sn\u00e6fellsj\u00f6kuls\u00fej\u00f3\u00f0gar\u00f0ur","robots":{"index":"index","follow":"follow","max-snippet":"max-snippet:-1","max-image-preview":"max-image-preview:large","max-video-preview":"max-video-preview:-1"},"canonical":"https:\/\/snaefellsjokull.is\/en\/ranger-program-2025-2\/","og_locale":"en_US","og_type":"article","og_title":"Ranger Program 2025 - Sn\u00e6fellsj\u00f6kuls\u00fej\u00f3\u00f0gar\u00f0ur","og_description":"From June 6 to September 12, park rangers will offer daily guided walks in Sn\u00e6fellsj\u00f6kull National Park. The walks are generally easy and suitable for all ages. Children\u2019s programs will be held at the National Park Visitor Centre in Hellissandur on Thursdays in July and August. During these program, rangers will lead fun educational activities [&hellip;]","og_url":"https:\/\/snaefellsjokull.is\/en\/ranger-program-2025-2\/","og_site_name":"Sn\u00e6fellsj\u00f6kuls\u00fej\u00f3\u00f0gar\u00f0ur","og_image":[{"width":2048,"height":1536,"url":"https:\/\/snaefellsjokull.is\/wp-content\/uploads\/2025\/06\/fraedsludagsrka.jpg","type":"image\/jpeg"}],"twitter_card":"summary_large_image","twitter_misc":{"Est. reading time":"4 minutes"},"schema":{"@context":"https:\/\/schema.org","@graph":[{"@type":"WebPage","@id":"https:\/\/snaefellsjokull.is\/en\/ranger-program-2025-2\/","url":"https:\/\/snaefellsjokull.is\/en\/ranger-program-2025-2\/","name":"Ranger Program 2025 - Sn\u00e6fellsj\u00f6kuls\u00fej\u00f3\u00f0gar\u00f0ur","isPartOf":{"@id":"https:\/\/snaefellsjokull.is\/#website"},"primaryImageOfPage":{"@id":"https:\/\/snaefellsjokull.is\/en\/ranger-program-2025-2\/#primaryimage"},"image":{"@id":"https:\/\/snaefellsjokull.is\/en\/ranger-program-2025-2\/#primaryimage"},"thumbnailUrl":"https:\/\/snaefellsjokull.is\/wp-content\/uploads\/2025\/06\/fraedsludagsrka.jpg","datePublished":"2025-06-10T08:53:30+00:00","breadcrumb":{"@id":"https:\/\/snaefellsjokull.is\/en\/ranger-program-2025-2\/#breadcrumb"},"inLanguage":"en-US","potentialAction":[{"@type":"ReadAction","target":["https:\/\/snaefellsjokull.is\/en\/ranger-program-2025-2\/"]}]},{"@type":"ImageObject","inLanguage":"en-US","@id":"https:\/\/snaefellsjokull.is\/en\/ranger-program-2025-2\/#primaryimage","url":"https:\/\/snaefellsjokull.is\/wp-content\/uploads\/2025\/06\/fraedsludagsrka.jpg","contentUrl":"https:\/\/snaefellsjokull.is\/wp-content\/uploads\/2025\/06\/fraedsludagsrka.jpg","width":2048,"height":1536},{"@type":"BreadcrumbList","@id":"https:\/\/snaefellsjokull.is\/en\/ranger-program-2025-2\/#breadcrumb","itemListElement":[{"@type":"ListItem","position":1,"name":"Home","item":"https:\/\/snaefellsjokull.is\/en\/"},{"@type":"ListItem","position":2,"name":"Ranger Program 2025"}]},{"@type":"WebSite","@id":"https:\/\/snaefellsjokull.is\/#website","url":"https:\/\/snaefellsjokull.is\/","name":"Sn\u00e6fellsj\u00f6kuls\u00fej\u00f3\u00f0gar\u00f0ur","description":"Upplif\u00f0u einstaka n\u00e1tt\u00faru, g\u00f6ngulei\u00f0ir og \u00e1ningasta\u00f0ir.","potentialAction":[{"@type":"SearchAction","target":{"@type":"EntryPoint","urlTemplate":"https:\/\/snaefellsjokull.is\/?s={search_term_string}"},"query-input":{"@type":"PropertyValueSpecification","valueRequired":true,"valueName":"search_term_string"}}],"inLanguage":"en-US"}]}},"_links":{"self":[{"href":"https:\/\/snaefellsjokull.is\/en\/wp-json\/wp\/v2\/pages\/5323","targetHints":{"allow":["GET"]}}],"collection":[{"href":"https:\/\/snaefellsjokull.is\/en\/wp-json\/wp\/v2\/pages"}],"about":[{"href":"https:\/\/snaefellsjokull.is\/en\/wp-json\/wp\/v2\/types\/page"}],"author":[{"embeddable":true,"href":"https:\/\/snaefellsjokull.is\/en\/wp-json\/wp\/v2\/users\/7"}],"replies":[{"embeddable":true,"href":"https:\/\/snaefellsjokull.is\/en\/wp-json\/wp\/v2\/comments?post=5323"}],"version-history":[{"count":1,"href":"https:\/\/snaefellsjokull.is\/en\/wp-json\/wp\/v2\/pages\/5323\/revisions"}],"predecessor-version":[{"id":5324,"href":"https:\/\/snaefellsjokull.is\/en\/wp-json\/wp\/v2\/pages\/5323\/revisions\/5324"}],"wp:featuredmedia":[{"embeddable":true,"href":"https:\/\/snaefellsjokull.is\/en\/wp-json\/wp\/v2\/media\/5258"}],"wp:attachment":[{"href":"https:\/\/snaefellsjokull.is\/en\/wp-json\/wp\/v2\/media?parent=5323"}],"curies":[{"name":"wp","href":"https:\/\/api.w.org\/{rel}","templated":true}]}}