{"id":3602,"date":"2023-08-02T12:24:36","date_gmt":"2023-08-02T12:24:36","guid":{"rendered":"https:\/\/snaefellsjokull.is\/gonguleid\/efstivegur-2\/"},"modified":"2024-02-12T10:24:14","modified_gmt":"2024-02-12T10:24:14","slug":"efstivegur-2","status":"publish","type":"gonguleid","link":"https:\/\/snaefellsjokull.is\/en\/hiking-trails\/efstivegur-2\/","title":{"rendered":"Efstivegur"},"content":{"rendered":"\n<p>In the olden days, many busy tracks lay at the foot of the glacier. One of them was Efstivegur, which leads to the foot of Sn\u00e6fellsj\u00f6kull Glacier. An 11km marked section of this old route lies between Beruv\u00edkurhraun and Skei\u00f0sandur.   <\/p>\n\n<p>Shorter sections run from H\u00e1ahraun to Purkh\u00f3lar (4km), and from Purkh\u00f3lar to L\u00f3nland in Beruv\u00edkurhraun (4.5km).<\/p>\n","protected":false},"featured_media":3402,"parent":0,"template":"","categories":[],"tags":[],"class_list":["post-3602","gonguleid","type-gonguleid","status-publish","has-post-thumbnail","hentry"],"acf":[],"yoast_head":"<!-- This site is optimized with the Yoast SEO plugin v26.9 - https:\/\/yoast.com\/product\/yoast-seo-wordpress\/ -->\n<title>Efstivegur - Sn\u00e6fellsj\u00f6kuls\u00fej\u00f3\u00f0gar\u00f0ur<\/title>\n<meta name=\"robots\" content=\"index, follow, max-snippet:-1, max-image-preview:large, max-video-preview:-1\" \/>\n<link rel=\"canonical\" href=\"https:\/\/snaefellsjokull.is\/en\/hiking-trails\/efstivegur-2\/\" \/>\n<meta property=\"og:locale\" content=\"en_US\" \/>\n<meta property=\"og:type\" content=\"article\" \/>\n<meta property=\"og:title\" content=\"Efstivegur - Sn\u00e6fellsj\u00f6kuls\u00fej\u00f3\u00f0gar\u00f0ur\" \/>\n<meta property=\"og:description\" content=\"In the olden days, many busy tracks lay at the foot of the glacier. One of them was Efstivegur, which leads to the foot of Sn\u00e6fellsj\u00f6kull Glacier. An 11km marked section of this old route lies between Beruv\u00edkurhraun and Skei\u00f0sandur. Shorter sections run from H\u00e1ahraun to Purkh\u00f3lar (4km), and from Purkh\u00f3lar to L\u00f3nland in Beruv\u00edkurhraun [&hellip;]\" \/>\n<meta property=\"og:url\" content=\"https:\/\/snaefellsjokull.is\/en\/hiking-trails\/efstivegur-2\/\" \/>\n<meta property=\"og:site_name\" content=\"Sn\u00e6fellsj\u00f6kuls\u00fej\u00f3\u00f0gar\u00f0ur\" \/>\n<meta property=\"article:modified_time\" content=\"2024-02-12T10:24:14+00:00\" \/>\n<meta property=\"og:image\" content=\"https:\/\/snaefellsjokull.is\/wp-content\/uploads\/2023\/08\/IMG_0303-scaled-e1698323054674.jpg\" \/>\n\t<meta property=\"og:image:width\" content=\"600\" \/>\n\t<meta property=\"og:image:height\" content=\"450\" \/>\n\t<meta property=\"og:image:type\" content=\"image\/jpeg\" \/>\n<meta name=\"twitter:card\" content=\"summary_large_image\" \/>\n<script type=\"application\/ld+json\" class=\"yoast-schema-graph\">{\"@context\":\"https:\/\/schema.org\",\"@graph\":[{\"@type\":\"WebPage\",\"@id\":\"https:\/\/snaefellsjokull.is\/en\/hiking-trails\/efstivegur-2\/\",\"url\":\"https:\/\/snaefellsjokull.is\/en\/hiking-trails\/efstivegur-2\/\",\"name\":\"Efstivegur - Sn\u00e6fellsj\u00f6kuls\u00fej\u00f3\u00f0gar\u00f0ur\",\"isPartOf\":{\"@id\":\"https:\/\/snaefellsjokull.is\/#website\"},\"primaryImageOfPage\":{\"@id\":\"https:\/\/snaefellsjokull.is\/en\/hiking-trails\/efstivegur-2\/#primaryimage\"},\"image\":{\"@id\":\"https:\/\/snaefellsjokull.is\/en\/hiking-trails\/efstivegur-2\/#primaryimage\"},\"thumbnailUrl\":\"https:\/\/snaefellsjokull.is\/wp-content\/uploads\/2023\/08\/IMG_0303-scaled-e1698323054674.jpg\",\"datePublished\":\"2023-08-02T12:24:36+00:00\",\"dateModified\":\"2024-02-12T10:24:14+00:00\",\"breadcrumb\":{\"@id\":\"https:\/\/snaefellsjokull.is\/en\/hiking-trails\/efstivegur-2\/#breadcrumb\"},\"inLanguage\":\"en-US\",\"potentialAction\":[{\"@type\":\"ReadAction\",\"target\":[\"https:\/\/snaefellsjokull.is\/en\/hiking-trails\/efstivegur-2\/\"]}]},{\"@type\":\"ImageObject\",\"inLanguage\":\"en-US\",\"@id\":\"https:\/\/snaefellsjokull.is\/en\/hiking-trails\/efstivegur-2\/#primaryimage\",\"url\":\"https:\/\/snaefellsjokull.is\/wp-content\/uploads\/2023\/08\/IMG_0303-scaled-e1698323054674.jpg\",\"contentUrl\":\"https:\/\/snaefellsjokull.is\/wp-content\/uploads\/2023\/08\/IMG_0303-scaled-e1698323054674.jpg\",\"width\":600,\"height\":450},{\"@type\":\"BreadcrumbList\",\"@id\":\"https:\/\/snaefellsjokull.is\/en\/hiking-trails\/efstivegur-2\/#breadcrumb\",\"itemListElement\":[{\"@type\":\"ListItem\",\"position\":1,\"name\":\"Home\",\"item\":\"https:\/\/snaefellsjokull.is\/en\/\"},{\"@type\":\"ListItem\",\"position\":2,\"name\":\"Efstivegur\"}]},{\"@type\":\"WebSite\",\"@id\":\"https:\/\/snaefellsjokull.is\/#website\",\"url\":\"https:\/\/snaefellsjokull.is\/\",\"name\":\"Sn\u00e6fellsj\u00f6kuls\u00fej\u00f3\u00f0gar\u00f0ur\",\"description\":\"Upplif\u00f0u einstaka n\u00e1tt\u00faru, g\u00f6ngulei\u00f0ir og \u00e1ningasta\u00f0ir.\",\"potentialAction\":[{\"@type\":\"SearchAction\",\"target\":{\"@type\":\"EntryPoint\",\"urlTemplate\":\"https:\/\/snaefellsjokull.is\/?s={search_term_string}\"},\"query-input\":{\"@type\":\"PropertyValueSpecification\",\"valueRequired\":true,\"valueName\":\"search_term_string\"}}],\"inLanguage\":\"en-US\"}]}<\/script>\n<!-- \/ Yoast SEO plugin. -->","yoast_head_json":{"title":"Efstivegur - Sn\u00e6fellsj\u00f6kuls\u00fej\u00f3\u00f0gar\u00f0ur","robots":{"index":"index","follow":"follow","max-snippet":"max-snippet:-1","max-image-preview":"max-image-preview:large","max-video-preview":"max-video-preview:-1"},"canonical":"https:\/\/snaefellsjokull.is\/en\/hiking-trails\/efstivegur-2\/","og_locale":"en_US","og_type":"article","og_title":"Efstivegur - Sn\u00e6fellsj\u00f6kuls\u00fej\u00f3\u00f0gar\u00f0ur","og_description":"In the olden days, many busy tracks lay at the foot of the glacier. One of them was Efstivegur, which leads to the foot of Sn\u00e6fellsj\u00f6kull Glacier. An 11km marked section of this old route lies between Beruv\u00edkurhraun and Skei\u00f0sandur. Shorter sections run from H\u00e1ahraun to Purkh\u00f3lar (4km), and from Purkh\u00f3lar to L\u00f3nland in Beruv\u00edkurhraun [&hellip;]","og_url":"https:\/\/snaefellsjokull.is\/en\/hiking-trails\/efstivegur-2\/","og_site_name":"Sn\u00e6fellsj\u00f6kuls\u00fej\u00f3\u00f0gar\u00f0ur","article_modified_time":"2024-02-12T10:24:14+00:00","og_image":[{"width":600,"height":450,"url":"https:\/\/snaefellsjokull.is\/wp-content\/uploads\/2023\/08\/IMG_0303-scaled-e1698323054674.jpg","type":"image\/jpeg"}],"twitter_card":"summary_large_image","schema":{"@context":"https:\/\/schema.org","@graph":[{"@type":"WebPage","@id":"https:\/\/snaefellsjokull.is\/en\/hiking-trails\/efstivegur-2\/","url":"https:\/\/snaefellsjokull.is\/en\/hiking-trails\/efstivegur-2\/","name":"Efstivegur - Sn\u00e6fellsj\u00f6kuls\u00fej\u00f3\u00f0gar\u00f0ur","isPartOf":{"@id":"https:\/\/snaefellsjokull.is\/#website"},"primaryImageOfPage":{"@id":"https:\/\/snaefellsjokull.is\/en\/hiking-trails\/efstivegur-2\/#primaryimage"},"image":{"@id":"https:\/\/snaefellsjokull.is\/en\/hiking-trails\/efstivegur-2\/#primaryimage"},"thumbnailUrl":"https:\/\/snaefellsjokull.is\/wp-content\/uploads\/2023\/08\/IMG_0303-scaled-e1698323054674.jpg","datePublished":"2023-08-02T12:24:36+00:00","dateModified":"2024-02-12T10:24:14+00:00","breadcrumb":{"@id":"https:\/\/snaefellsjokull.is\/en\/hiking-trails\/efstivegur-2\/#breadcrumb"},"inLanguage":"en-US","potentialAction":[{"@type":"ReadAction","target":["https:\/\/snaefellsjokull.is\/en\/hiking-trails\/efstivegur-2\/"]}]},{"@type":"ImageObject","inLanguage":"en-US","@id":"https:\/\/snaefellsjokull.is\/en\/hiking-trails\/efstivegur-2\/#primaryimage","url":"https:\/\/snaefellsjokull.is\/wp-content\/uploads\/2023\/08\/IMG_0303-scaled-e1698323054674.jpg","contentUrl":"https:\/\/snaefellsjokull.is\/wp-content\/uploads\/2023\/08\/IMG_0303-scaled-e1698323054674.jpg","width":600,"height":450},{"@type":"BreadcrumbList","@id":"https:\/\/snaefellsjokull.is\/en\/hiking-trails\/efstivegur-2\/#breadcrumb","itemListElement":[{"@type":"ListItem","position":1,"name":"Home","item":"https:\/\/snaefellsjokull.is\/en\/"},{"@type":"ListItem","position":2,"name":"Efstivegur"}]},{"@type":"WebSite","@id":"https:\/\/snaefellsjokull.is\/#website","url":"https:\/\/snaefellsjokull.is\/","name":"Sn\u00e6fellsj\u00f6kuls\u00fej\u00f3\u00f0gar\u00f0ur","description":"Upplif\u00f0u einstaka n\u00e1tt\u00faru, g\u00f6ngulei\u00f0ir og \u00e1ningasta\u00f0ir.","potentialAction":[{"@type":"SearchAction","target":{"@type":"EntryPoint","urlTemplate":"https:\/\/snaefellsjokull.is\/?s={search_term_string}"},"query-input":{"@type":"PropertyValueSpecification","valueRequired":true,"valueName":"search_term_string"}}],"inLanguage":"en-US"}]}},"_links":{"self":[{"href":"https:\/\/snaefellsjokull.is\/en\/wp-json\/wp\/v2\/gonguleid\/3602","targetHints":{"allow":["GET"]}}],"collection":[{"href":"https:\/\/snaefellsjokull.is\/en\/wp-json\/wp\/v2\/gonguleid"}],"about":[{"href":"https:\/\/snaefellsjokull.is\/en\/wp-json\/wp\/v2\/types\/gonguleid"}],"wp:featuredmedia":[{"embeddable":true,"href":"https:\/\/snaefellsjokull.is\/en\/wp-json\/wp\/v2\/media\/3402"}],"wp:attachment":[{"href":"https:\/\/snaefellsjokull.is\/en\/wp-json\/wp\/v2\/media?parent=3602"}],"wp:term":[{"taxonomy":"category","embeddable":true,"href":"https:\/\/snaefellsjokull.is\/en\/wp-json\/wp\/v2\/categories?post=3602"},{"taxonomy":"post_tag","embeddable":true,"href":"https:\/\/snaefellsjokull.is\/en\/wp-json\/wp\/v2\/tags?post=3602"}],"curies":[{"name":"wp","href":"https:\/\/api.w.org\/{rel}","templated":true}]}}